{"id":927,"date":"2026-02-23T08:14:25","date_gmt":"2026-02-23T08:14:25","guid":{"rendered":"https:\/\/www.canoe-dordogne.fr\/our-routes\/"},"modified":"2026-04-21T13:17:35","modified_gmt":"2026-04-21T13:17:35","slug":"our-routes","status":"publish","type":"page","link":"https:\/\/www.canoe-dordogne.fr\/en\/our-routes\/","title":{"rendered":"Our Routes"},"content":{"rendered":"<p>[et_pb_section fb_built=&#8221;1&#8243; admin_label=&#8221;Hero&#8221; _builder_version=&#8221;4.27.5&#8243; _module_preset=&#8221;default&#8221; background_image=&#8221;https:\/\/www.canoe-dordogne.fr\/wp-content\/uploads\/2026\/02\/35_le_village_de_beynac_et_cazenac_\u00a9-CDT-Dordogne.jpg&#8221; background_position=&#8221;bottom_center&#8221; custom_padding=&#8221;||8vw||false|false&#8221; locked=&#8221;off&#8221; collapsed=&#8221;on&#8221; global_colors_info=&#8221;{%22gcid-primary-color%22:%91%22background_color_gradient_stops%22%93}&#8221;][et_pb_row column_structure=&#8221;1_4,3_4&#8243; _builder_version=&#8221;4.24.3&#8243; _module_preset=&#8221;5138c454-be54-4233-bd3b-f8e6a8747976&#8243; custom_padding=&#8221;0px|||||&#8221; global_colors_info=&#8221;{}&#8221;][et_pb_column type=&#8221;1_4&#8243; _builder_version=&#8221;4.16.0&#8243; _module_preset=&#8221;73121f80-a3ef-4484-8763-c3f18e3c56d2&#8243; global_colors_info=&#8221;{}&#8221;][\/et_pb_column][et_pb_column type=&#8221;3_4&#8243; _builder_version=&#8221;4.24.3&#8243; _module_preset=&#8221;73121f80-a3ef-4484-8763-c3f18e3c56d2&#8243; background_color=&#8221;gcid-primary-color&#8221; custom_padding=&#8221;60px|60px|60px|60px|true|true&#8221; custom_padding_tablet=&#8221;30px|30px|30px|30px|true|true&#8221; custom_padding_phone=&#8221;20px|20px|20px|20px|true|true&#8221; custom_padding_last_edited=&#8221;on|desktop&#8221; border_radii=&#8221;on|6px|6px|6px|6px&#8221; global_colors_info=&#8221;{%22gcid-primary-color%22:%91%22background_color%22%93}&#8221;][et_pb_heading title=&#8221;Explore the Valley of Castles by Canoe&#8221; _builder_version=&#8221;4.24.3&#8243; _module_preset=&#8221;ddeb8c09-9078-4424-bc15-2efb6572e28e&#8221; title_text_color=&#8221;#FFFFFF&#8221; locked=&#8221;off&#8221; global_colors_info=&#8221;{}&#8221;][\/et_pb_heading][et_pb_text _builder_version=&#8221;4.24.2&#8243; _module_preset=&#8221;0504de1e-f5ff-4281-ba60-cbbe4edf98bc&#8221; locked=&#8221;off&#8221; global_colors_info=&#8221;{}&#8221;]<\/p>\n<p>Discover our unique routes along the Dordogne, where every paddle stroke brings you closer to breathtaking scenery and historic sites.<\/p>\n<p>[\/et_pb_text][et_pb_button button_url=&#8221;https:\/\/canoedordogne.ats-sarlat.com:8443\/cgi-bin\/ProgATS\/eCommerce?licence=24CANOES_DORD01&#038;lg=EN&#8221; url_new_window=&#8221;on&#8221; button_text=&#8221;Book Your Adventure&#8221; _builder_version=&#8221;4.27.6&#8243; _module_preset=&#8221;ab15fb74-61a3-43aa-96b3-41e09aeef654&#8243; hover_enabled=&#8221;0&#8243; locked=&#8221;off&#8221; global_colors_info=&#8221;{}&#8221; sticky_enabled=&#8221;0&#8243;][\/et_pb_button][\/et_pb_column][\/et_pb_row][\/et_pb_section][et_pb_section fb_built=&#8221;1&#8243; admin_label=&#8221;Text &#038; Image&#8221; _builder_version=&#8221;4.27.5&#8243; _module_preset=&#8221;default&#8221; locked=&#8221;off&#8221; collapsed=&#8221;on&#8221; global_colors_info=&#8221;{}&#8221;][et_pb_row column_structure=&#8221;1_4,1_4,1_4,1_4&#8243; use_custom_gutter=&#8221;on&#8221; gutter_width=&#8221;2&#8243; make_equal=&#8221;on&#8221; custom_padding_last_edited=&#8221;on|phone&#8221; _builder_version=&#8221;4.27.5&#8243; _module_preset=&#8221;5138c454-be54-4233-bd3b-f8e6a8747976&#8243; width=&#8221;100%&#8221; max_width=&#8221;1580px&#8221; custom_padding=&#8221;|0px||0px|false|true&#8221; custom_padding_tablet=&#8221;||0px||false|false&#8221; custom_padding_phone=&#8221;|10px|0px|10px|false|true&#8221; locked=&#8221;off&#8221; global_colors_info=&#8221;{}&#8221;][et_pb_column type=&#8221;1_4&#8243; _builder_version=&#8221;4.18.0&#8243; _module_preset=&#8221;73121f80-a3ef-4484-8763-c3f18e3c56d2&#8243; global_colors_info=&#8221;{}&#8221;][et_pb_blurb title=&#8221;Beginner&#8221; image=&#8221;https:\/\/www.canoe-dordogne.fr\/wp-content\/uploads\/2026\/02\/carsac-vitrac.jpg&#8221; alt=&#8221;Cano\u00eb Dordogne Carsac Vitrac&#8221; image_icon_width=&#8221;95%&#8221; icon_alignment=&#8221;center&#8221; image_icon_width_tablet=&#8221;80%&#8221; image_icon_width_phone=&#8221;100%&#8221; image_icon_width_last_edited=&#8221;on|phone&#8221; _builder_version=&#8221;4.27.6&#8243; _module_preset=&#8221;212b201d-2c34-41bd-936c-851b7357d08b&#8221; header_font=&#8221;&#8211;et_global_heading_font|600|||||||&#8221; header_text_color=&#8221;#629A30&#8243; header_font_size=&#8221;24px&#8221; body_text_color=&#8221;#1C2545&#8243; custom_padding=&#8221;5px|5px|5px|5px|true|true&#8221; animation_style=&#8221;flip&#8221; animation_direction=&#8221;left&#8221; header_font_size_phone=&#8221;22px&#8221; border_radii=&#8221;on|5px|5px|5px|5px&#8221; box_shadow_style=&#8221;preset2&#8243; global_colors_info=&#8221;{%22gcid-primary-color%22:%91%22icon_color%22,%22body_link_text_color%22,%22icon_color%22,%22body_link_text_color%22,%22icon_color%22,%22body_link_text_color%22,%22icon_color%22,%22body_link_text_color%22,%22icon_color%22,%22body_link_text_color%22,%22icon_color%22,%22body_link_text_color%22,%22icon_color%22,%22body_link_text_color%22,%22icon_color%22,%22body_link_text_color%22,%22icon_color%22,%22body_link_text_color%22,%22icon_color%22,%22body_link_text_color%22,%22icon_color%22,%22body_link_text_color%22,%22icon_color%22,%22body_link_text_color%22,%22icon_color%22,%22body_link_text_color%22,%22icon_color%22,%22body_link_text_color%22,%22icon_color%22,%22body_link_text_color%22,%22icon_color%22,%22body_link_text_color%22,%22icon_color%22,%22body_link_text_color%22,%22icon_color%22,%22body_link_text_color%22,%22icon_color%22,%22body_link_text_color%22,%22icon_color%22,%22body_link_text_color%22,%22icon_color%22,%22body_link_text_color%22,%22icon_color%22,%22body_link_text_color%22,%22icon_color%22,%22body_link_text_color%22,%22icon_color%22,%22body_link_text_color%22,%22icon_color%22,%22body_link_text_color%22,%22icon_color%22,%22body_link_text_color%22,%22icon_color%22,%22body_link_text_color%22,%22icon_color%22,%22body_link_text_color%22,%22icon_color%22,%22body_link_text_color%22,%22icon_color%22,%22body_link_text_color%22,%22icon_color%22,%22body_link_text_color%22,%22icon_color%22,%22body_link_text_color%22%93,%22gcid-heading-color%22:%91%22header_text_color%22,%22header_text_color%22,%22header_text_color%22,%22header_text_color%22%93,%22gcid-secondary-color%22:%91%22icon_color%22,%22icon_color%22,%22icon_color%22,%22icon_color%22%93}&#8221;]<\/p>\n<h5><span style=\"font-size: small;\"><strong>CARSAC &#8211; VITRAC<\/strong><\/span><\/h5>\n<p><strong>1h30 &#8211; 9km &#8211; From \u20ac11.50<\/strong><\/p>\n<p><span style=\"font-size: small;\">Paddle from Carsac to the Vitrac base and dive into history as you explore the Cingle de Montfort from your canoe! A lovely discovery for the whole family. <\/span><\/p>\n<p>[\/et_pb_blurb][et_pb_button button_url=&#8221;https:\/\/www.canoe-dordogne.fr\/en\/our-routes\/#carsvit&#8221; button_text=&#8221;Route details&#8221; button_alignment=&#8221;center&#8221; _builder_version=&#8221;4.27.5&#8243; _module_preset=&#8221;default&#8221; global_colors_info=&#8221;{}&#8221;][\/et_pb_button][\/et_pb_column][et_pb_column type=&#8221;1_4&#8243; _builder_version=&#8221;4.18.0&#8243; _module_preset=&#8221;73121f80-a3ef-4484-8763-c3f18e3c56d2&#8243; global_colors_info=&#8221;{}&#8221;][et_pb_blurb title=&#8221;Family&#8221; image=&#8221;https:\/\/www.canoe-dordogne.fr\/wp-content\/uploads\/2026\/02\/Vitrac-Castelnaud-2ch.jpg&#8221; alt=&#8221;Vitrac Castelnaud Route&#8221; image_icon_width=&#8221;95%&#8221; icon_alignment=&#8221;center&#8221; image_icon_width_tablet=&#8221;80%&#8221; image_icon_width_phone=&#8221;100%&#8221; image_icon_width_last_edited=&#8221;on|phone&#8221; _builder_version=&#8221;4.27.6&#8243; _module_preset=&#8221;212b201d-2c34-41bd-936c-851b7357d08b&#8221; header_font=&#8221;&#8211;et_global_heading_font|600|||||||&#8221; header_text_color=&#8221;#629A30&#8243; header_font_size=&#8221;24px&#8221; body_text_color=&#8221;#1C2545&#8243; custom_padding=&#8221;5px|5px|5px|5px|true|true&#8221; animation_style=&#8221;flip&#8221; animation_direction=&#8221;left&#8221; header_font_size_phone=&#8221;22px&#8221; border_radii=&#8221;on|5px|5px|5px|5px&#8221; box_shadow_style=&#8221;preset2&#8243; global_colors_info=&#8221;{%22gcid-primary-color%22:%91%22icon_color%22,%22body_link_text_color%22,%22icon_color%22,%22body_link_text_color%22,%22icon_color%22,%22body_link_text_color%22,%22icon_color%22,%22body_link_text_color%22,%22icon_color%22,%22body_link_text_color%22,%22icon_color%22,%22body_link_text_color%22,%22icon_color%22,%22body_link_text_color%22,%22icon_color%22,%22body_link_text_color%22,%22icon_color%22,%22body_link_text_color%22,%22icon_color%22,%22body_link_text_color%22,%22icon_color%22,%22body_link_text_color%22,%22icon_color%22,%22body_link_text_color%22,%22icon_color%22,%22body_link_text_color%22,%22icon_color%22,%22body_link_text_color%22,%22icon_color%22,%22body_link_text_color%22,%22icon_color%22,%22body_link_text_color%22,%22icon_color%22,%22body_link_text_color%22,%22icon_color%22,%22body_link_text_color%22,%22icon_color%22,%22body_link_text_color%22,%22icon_color%22,%22body_link_text_color%22,%22icon_color%22,%22body_link_text_color%22,%22icon_color%22,%22body_link_text_color%22,%22icon_color%22,%22body_link_text_color%22,%22icon_color%22,%22body_link_text_color%22,%22icon_color%22,%22body_link_text_color%22,%22icon_color%22,%22body_link_text_color%22,%22icon_color%22,%22body_link_text_color%22,%22icon_color%22,%22body_link_text_color%22,%22icon_color%22,%22body_link_text_color%22,%22icon_color%22,%22body_link_text_color%22,%22icon_color%22,%22body_link_text_color%22,%22icon_color%22,%22body_link_text_color%22,%22icon_color%22,%22body_link_text_color%22,%22icon_color%22,%22body_link_text_color%22,%22icon_color%22,%22body_link_text_color%22,%22icon_color%22,%22body_link_text_color%22,%22icon_color%22,%22body_link_text_color%22,%22icon_color%22,%22body_link_text_color%22,%22icon_color%22,%22body_link_text_color%22,%22icon_color%22,%22body_link_text_color%22,%22icon_color%22,%22body_link_text_color%22,%22icon_color%22,%22body_link_text_color%22,%22icon_color%22,%22body_link_text_color%22,%22icon_color%22,%22body_link_text_color%22,%22icon_color%22,%22body_link_text_color%22,%22icon_color%22,%22body_link_text_color%22,%22icon_color%22,%22body_link_text_color%22,%22icon_color%22,%22body_link_text_color%22,%22icon_color%22,%22body_link_text_color%22,%22icon_color%22,%22body_link_text_color%22,%22icon_color%22,%22body_link_text_color%22,%22icon_color%22,%22body_link_text_color%22,%22icon_color%22,%22body_link_text_color%22,%22icon_color%22,%22body_link_text_color%22,%22icon_color%22,%22body_link_text_color%22,%22icon_color%22,%22body_link_text_color%22,%22icon_color%22,%22body_link_text_color%22,%22icon_color%22,%22body_link_text_color%22,%22icon_color%22,%22body_link_text_color%22,%22icon_color%22,%22body_link_text_color%22,%22icon_color%22,%22body_link_text_color%22,%22icon_color%22,%22body_link_text_color%22,%22icon_color%22,%22body_link_text_color%22,%22icon_color%22,%22body_link_text_color%22,%22icon_color%22,%22body_link_text_color%22,%22icon_color%22,%22body_link_text_color%22,%22icon_color%22,%22body_link_text_color%22,%22icon_color%22,%22body_link_text_color%22,%22icon_color%22,%22body_link_text_color%22,%22icon_color%22,%22body_link_text_color%22,%22icon_color%22,%22body_link_text_color%22,%22icon_color%22,%22body_link_text_color%22%93,%22gcid-heading-color%22:%91%22header_text_color%22,%22header_text_color%22,%22header_text_color%22,%22header_text_color%22,%22header_text_color%22,%22header_text_color%22,%22header_text_color%22,%22header_text_color%22,%22header_text_color%22%93,%22gcid-secondary-color%22:%91%22icon_color%22,%22icon_color%22,%22icon_color%22,%22icon_color%22,%22icon_color%22,%22icon_color%22,%22icon_color%22,%22icon_color%22,%22icon_color%22%93}&#8221;]<\/p>\n<h5><span style=\"font-size: small;\"><span style=\"font-weight: bold;\">VITRAC <\/span><strong>&#8211; LA ROQUE GAGEAC &#8211; <\/strong><strong>CASTELNAUD<\/strong><\/span><\/h5>\n<p><strong>2h &#8211; 12km &#8211; From \u20ac12.50<\/strong><\/p>\n<p><span style=\"font-size: small;\">Want to discover the valley of castles by canoe on the Dordogne? Canoe Dordogne offers an unforgettable 12 km route, ideal for a trip with family or friends in the heart of the P\u00e9rigord Noir. <\/span><\/p>\n<p>[\/et_pb_blurb][et_pb_button button_url=&#8221;https:\/\/www.canoe-dordogne.fr\/en\/our-routes\/#v2ch&#8221; button_text=&#8221;Route details&#8221; button_alignment=&#8221;center&#8221; _builder_version=&#8221;4.27.6&#8243; _module_preset=&#8221;default&#8221; global_colors_info=&#8221;{}&#8221;][\/et_pb_button][dipl_image_mask _builder_version=&#8221;4.27.5&#8243; _module_preset=&#8221;default&#8221; global_colors_info=&#8221;{}&#8221;][\/dipl_image_mask][\/et_pb_column][et_pb_column type=&#8221;1_4&#8243; _builder_version=&#8221;4.18.0&#8243; _module_preset=&#8221;73121f80-a3ef-4484-8763-c3f18e3c56d2&#8243; global_colors_info=&#8221;{}&#8221;][et_pb_blurb title=&#8221;Best-Seller&#8221; image=&#8221;https:\/\/www.canoe-dordogne.fr\/wp-content\/uploads\/2026\/02\/Vitrac-Beynac-5ch.jpg&#8221; alt=&#8221;Vitrac Beynac Route&#8221; image_icon_width=&#8221;95%&#8221; icon_alignment=&#8221;center&#8221; image_icon_width_tablet=&#8221;80%&#8221; image_icon_width_phone=&#8221;100%&#8221; image_icon_width_last_edited=&#8221;on|phone&#8221; _builder_version=&#8221;4.27.6&#8243; _module_preset=&#8221;212b201d-2c34-41bd-936c-851b7357d08b&#8221; header_font=&#8221;&#8211;et_global_heading_font|600|||||||&#8221; header_text_color=&#8221;#629A30&#8243; header_font_size=&#8221;24px&#8221; body_text_color=&#8221;#1C2545&#8243; custom_padding=&#8221;5px|5px|5px|5px|true|true&#8221; animation_style=&#8221;flip&#8221; animation_direction=&#8221;left&#8221; header_font_size_phone=&#8221;22px&#8221; border_radii=&#8221;on|5px|5px|5px|5px&#8221; box_shadow_style=&#8221;preset2&#8243; global_colors_info=&#8221;{%22gcid-primary-color%22:%91%22icon_color%22,%22body_link_text_color%22,%22icon_color%22,%22body_link_text_color%22,%22icon_color%22,%22body_link_text_color%22,%22icon_color%22,%22body_link_text_color%22,%22icon_color%22,%22body_link_text_color%22,%22icon_color%22,%22body_link_text_color%22,%22icon_color%22,%22body_link_text_color%22,%22icon_color%22,%22body_link_text_color%22,%22icon_color%22,%22body_link_text_color%22,%22icon_color%22,%22body_link_text_color%22,%22icon_color%22,%22body_link_text_color%22,%22icon_color%22,%22body_link_text_color%22,%22icon_color%22,%22body_link_text_color%22,%22icon_color%22,%22body_link_text_color%22,%22icon_color%22,%22body_link_text_color%22,%22icon_color%22,%22body_link_text_color%22,%22icon_color%22,%22body_link_text_color%22,%22icon_color%22,%22body_link_text_color%22,%22icon_color%22,%22body_link_text_color%22,%22icon_color%22,%22body_link_text_color%22,%22icon_color%22,%22body_link_text_color%22,%22icon_color%22,%22body_link_text_color%22,%22icon_color%22,%22body_link_text_color%22,%22icon_color%22,%22body_link_text_color%22,%22icon_color%22,%22body_link_text_color%22,%22icon_color%22,%22body_link_text_color%22,%22icon_color%22,%22body_link_text_color%22,%22icon_color%22,%22body_link_text_color%22,%22icon_color%22,%22body_link_text_color%22,%22icon_color%22,%22body_link_text_color%22,%22icon_color%22,%22body_link_text_color%22,%22icon_color%22,%22body_link_text_color%22%93,%22gcid-heading-color%22:%91%22header_text_color%22,%22header_text_color%22,%22header_text_color%22,%22header_text_color%22%93,%22gcid-secondary-color%22:%91%22icon_color%22,%22icon_color%22,%22icon_color%22,%22icon_color%22%93}&#8221;]<\/p>\n<h5><span style=\"font-size: small;\"><strong>VITRAC &#8211; LA ROQUE GAGEAC &#8211; BEYNAC<\/strong><\/span><\/h5>\n<p><strong>3h &#8211; 16km &#8211; From \u20ac13.50<\/strong><\/p>\n<p><span style=\"font-size: small;\">Looking for an <strong>unforgettable canoeing experience on the Dordogne<\/strong>? Choose our <strong>iconic 16 km descent<\/strong>, in the heart of the <strong>valley of the 5 castles<\/strong>, one of the most beautiful routes in the region! <\/span><\/p>\n<p>[\/et_pb_blurb][et_pb_button button_url=&#8221;https:\/\/www.canoe-dordogne.fr\/en\/our-routes\/#v5ch&#8221; button_text=&#8221;Route details&#8221; button_alignment=&#8221;center&#8221; _builder_version=&#8221;4.27.6&#8243; _module_preset=&#8221;default&#8221; global_colors_info=&#8221;{}&#8221;][\/et_pb_button][\/et_pb_column][et_pb_column type=&#8221;1_4&#8243; _builder_version=&#8221;4.18.0&#8243; _module_preset=&#8221;73121f80-a3ef-4484-8763-c3f18e3c56d2&#8243; global_colors_info=&#8221;{}&#8221;][et_pb_blurb title=&#8221;Sporty&#8221; image=&#8221;https:\/\/www.canoe-dordogne.fr\/wp-content\/uploads\/2026\/02\/La-Roque-Gageac-6ch.jpg&#8221; alt=&#8221;Carsac Beynac Route&#8221; image_icon_width=&#8221;95%&#8221; icon_alignment=&#8221;center&#8221; image_icon_width_tablet=&#8221;80%&#8221; image_icon_width_phone=&#8221;100%&#8221; image_icon_width_last_edited=&#8221;on|phone&#8221; _builder_version=&#8221;4.27.6&#8243; _module_preset=&#8221;212b201d-2c34-41bd-936c-851b7357d08b&#8221; header_font=&#8221;&#8211;et_global_heading_font|600|||||||&#8221; header_text_color=&#8221;#629A30&#8243; header_font_size=&#8221;24px&#8221; body_text_color=&#8221;#1C2545&#8243; custom_padding=&#8221;5px|5px|5px|5px|true|true&#8221; animation_style=&#8221;flip&#8221; animation_direction=&#8221;left&#8221; header_font_size_phone=&#8221;22px&#8221; border_radii=&#8221;on|5px|5px|5px|5px&#8221; box_shadow_style=&#8221;preset2&#8243; global_colors_info=&#8221;{%22gcid-primary-color%22:%91%22icon_color%22,%22body_link_text_color%22,%22icon_color%22,%22body_link_text_color%22,%22icon_color%22,%22body_link_text_color%22,%22icon_color%22,%22body_link_text_color%22,%22icon_color%22,%22body_link_text_color%22,%22icon_color%22,%22body_link_text_color%22,%22icon_color%22,%22body_link_text_color%22,%22icon_color%22,%22body_link_text_color%22,%22icon_color%22,%22body_link_text_color%22,%22icon_color%22,%22body_link_text_color%22,%22icon_color%22,%22body_link_text_color%22,%22icon_color%22,%22body_link_text_color%22,%22icon_color%22,%22body_link_text_color%22,%22icon_color%22,%22body_link_text_color%22,%22icon_color%22,%22body_link_text_color%22,%22icon_color%22,%22body_link_text_color%22,%22icon_color%22,%22body_link_text_color%22,%22icon_color%22,%22body_link_text_color%22,%22icon_color%22,%22body_link_text_color%22,%22icon_color%22,%22body_link_text_color%22,%22icon_color%22,%22body_link_text_color%22,%22icon_color%22,%22body_link_text_color%22,%22icon_color%22,%22body_link_text_color%22,%22icon_color%22,%22body_link_text_color%22,%22icon_color%22,%22body_link_text_color%22,%22icon_color%22,%22body_link_text_color%22,%22icon_color%22,%22body_link_text_color%22,%22icon_color%22,%22body_link_text_color%22,%22icon_color%22,%22body_link_text_color%22,%22icon_color%22,%22body_link_text_color%22,%22icon_color%22,%22body_link_text_color%22,%22icon_color%22,%22body_link_text_color%22,%22icon_color%22,%22body_link_text_color%22,%22icon_color%22,%22body_link_text_color%22,%22icon_color%22,%22body_link_text_color%22,%22icon_color%22,%22body_link_text_color%22,%22icon_color%22,%22body_link_text_color%22,%22icon_color%22,%22body_link_text_color%22,%22icon_color%22,%22body_link_text_color%22,%22icon_color%22,%22body_link_text_color%22%93,%22gcid-heading-color%22:%91%22header_text_color%22,%22header_text_color%22,%22header_text_color%22,%22header_text_color%22,%22header_text_color%22%93,%22gcid-secondary-color%22:%91%22icon_color%22,%22icon_color%22,%22icon_color%22,%22icon_color%22,%22icon_color%22%93}&#8221;]<\/p>\n<h5><span style=\"font-size: small;\"><strong>CARSAC &#8211; LA ROQUE GAGEAC &#8211; BEYNAC<\/strong><\/span><\/h5>\n<p><strong>4h30 &#8211; 25km &#8211; From \u20ac16<\/strong><\/p>\n<p><span style=\"font-size: small;\">Canoe Dordogne offers this exceptional 25 km route, ideal for a full day of paddling: navigate between preserved nature, majestic cliffs, and medieval villages.<\/span><\/p>\n<p>[\/et_pb_blurb][et_pb_button button_url=&#8221;https:\/\/www.canoe-dordogne.fr\/en\/our-routes\/#v6ch&#8221; button_text=&#8221;Route details&#8221; button_alignment=&#8221;center&#8221; _builder_version=&#8221;4.27.6&#8243; _module_preset=&#8221;default&#8221; global_colors_info=&#8221;{}&#8221;][\/et_pb_button][\/et_pb_column][\/et_pb_row][\/et_pb_section][et_pb_section fb_built=&#8221;1&#8243; _builder_version=&#8221;4.27.5&#8243; _module_preset=&#8221;default&#8221; background_enable_pattern_style=&#8221;on&#8221; background_pattern_style=&#8221;waves&#8221; background_pattern_color=&#8221;rgba(197,229,235,0.2)&#8221; custom_margin=&#8221;-42px|||||&#8221; border_width_bottom=&#8221;2px&#8221; border_color_bottom=&#8221;#629A30&#8243; global_colors_info=&#8221;{}&#8221;][et_pb_row _builder_version=&#8221;4.27.5&#8243; _module_preset=&#8221;default&#8221; global_colors_info=&#8221;{}&#8221;][et_pb_column type=&#8221;4_4&#8243; _builder_version=&#8221;4.27.5&#8243; _module_preset=&#8221;default&#8221; global_colors_info=&#8221;{}&#8221;][et_pb_text _builder_version=&#8221;4.27.5&#8243; _module_preset=&#8221;default&#8221; global_colors_info=&#8221;{}&#8221;]<\/p>\n<h2 style=\"text-align: center;\">Getting ready: info and practical tips<\/h2>\n<p>[\/et_pb_text][\/et_pb_column][\/et_pb_row][et_pb_row column_structure=&#8221;1_3,1_3,1_3&#8243; _builder_version=&#8221;4.27.6&#8243; _module_preset=&#8221;default&#8221; global_colors_info=&#8221;{}&#8221;][et_pb_column type=&#8221;1_3&#8243; _builder_version=&#8221;4.27.6&#8243; _module_preset=&#8221;default&#8221; global_colors_info=&#8221;{}&#8221;][et_pb_icon font_icon=&#8221;&#xf193;||fa||900&#8243; icon_width=&#8221;49px&#8221; align=&#8221;center&#8221; _builder_version=&#8221;4.27.5&#8243; _module_preset=&#8221;default&#8221; global_colors_info=&#8221;{}&#8221;][\/et_pb_icon][et_pb_text _builder_version=&#8221;4.27.6&#8243; _module_preset=&#8221;default&#8221; text_font_size=&#8221;22px&#8221; global_colors_info=&#8221;{}&#8221;]<\/p>\n<p style=\"text-align: center;\"><strong>All our routes are accessible to people with disabilities<\/strong><\/p>\n<p>[\/et_pb_text][\/et_pb_column][et_pb_column type=&#8221;1_3&#8243; _builder_version=&#8221;4.27.6&#8243; _module_preset=&#8221;default&#8221; global_colors_info=&#8221;{}&#8221;][et_pb_icon font_icon=&#8221;&#xf1ae;||fa||900&#8243; icon_width=&#8221;49px&#8221; align=&#8221;center&#8221; _builder_version=&#8221;4.27.6&#8243; _module_preset=&#8221;default&#8221; global_colors_info=&#8221;{}&#8221;][\/et_pb_icon][et_pb_text _builder_version=&#8221;4.27.6&#8243; _module_preset=&#8221;default&#8221; text_font_size=&#8221;22px&#8221; global_colors_info=&#8221;{}&#8221;]<\/p>\n<p style=\"text-align: center;\"><strong>Activity for anyone over 5 years old who can swim 25 m and submerge<\/strong><\/p>\n<p>[\/et_pb_text][\/et_pb_column][et_pb_column type=&#8221;1_3&#8243; _builder_version=&#8221;4.27.6&#8243; _module_preset=&#8221;default&#8221; global_colors_info=&#8221;{}&#8221;][et_pb_icon font_icon=&#8221;&#x66;||divi||400&#8243; icon_width=&#8221;49px&#8221; align=&#8221;center&#8221; _builder_version=&#8221;4.27.6&#8243; _module_preset=&#8221;default&#8221; global_colors_info=&#8221;{}&#8221;][\/et_pb_icon][et_pb_text _builder_version=&#8221;4.27.6&#8243; _module_preset=&#8221;default&#8221; text_font_size=&#8221;22px&#8221; global_colors_info=&#8221;{}&#8221;]<\/p>\n<p style=\"text-align: center;\"><strong>Optional: dry barrel, water shoes, caps&#8230;<\/strong><\/p>\n<p>[\/et_pb_text][\/et_pb_column][\/et_pb_row][et_pb_row column_structure=&#8221;1_4,1_4,1_4,1_4&#8243; _builder_version=&#8221;4.27.5&#8243; _module_preset=&#8221;default&#8221; max_width=&#8221;1580px&#8221; global_colors_info=&#8221;{}&#8221;][et_pb_column type=&#8221;1_4&#8243; _builder_version=&#8221;4.27.5&#8243; _module_preset=&#8221;default&#8221; animation_style=&#8221;slide&#8221; global_colors_info=&#8221;{}&#8221;][et_pb_icon font_icon=&#8221;&#xe01d;||divi||400&#8243; icon_width=&#8221;40px&#8221; align=&#8221;center&#8221; _builder_version=&#8221;4.27.5&#8243; _module_preset=&#8221;default&#8221; global_colors_info=&#8221;{}&#8221;][\/et_pb_icon][et_pb_text _builder_version=&#8221;4.27.5&#8243; _module_preset=&#8221;default&#8221; global_colors_info=&#8221;{}&#8221;]<\/p>\n<p style=\"text-align: center;\">All our canoe and kayak routes start from the Vitrac base. Park up, then head to reception to be looked after by our team. <\/p>\n<p style=\"text-align: center;\">\n<p>[\/et_pb_text][\/et_pb_column][et_pb_column type=&#8221;1_4&#8243; _builder_version=&#8221;4.27.5&#8243; _module_preset=&#8221;default&#8221; animation_style=&#8221;slide&#8221; global_colors_info=&#8221;{}&#8221;][et_pb_icon font_icon=&#8221;&#x7d;||divi||400&#8243; icon_width=&#8221;40px&#8221; align=&#8221;center&#8221; _builder_version=&#8221;4.27.5&#8243; _module_preset=&#8221;default&#8221; global_colors_info=&#8221;{}&#8221;][\/et_pb_icon][et_pb_text _builder_version=&#8221;4.27.5&#8243; _module_preset=&#8221;default&#8221; global_colors_info=&#8221;{}&#8221;]<\/p>\n<p style=\"text-align: center;\">Remember to book a departure time and plan to arrive 15 minutes early. This helps us welcome you in the best conditions. <\/p>\n<p>[\/et_pb_text][\/et_pb_column][et_pb_column type=&#8221;1_4&#8243; _builder_version=&#8221;4.27.5&#8243; _module_preset=&#8221;default&#8221; animation_style=&#8221;slide&#8221; global_colors_info=&#8221;{}&#8221;][et_pb_icon font_icon=&#8221;&#xf254;||fa||400&#8243; icon_width=&#8221;40px&#8221; align=&#8221;center&#8221; _builder_version=&#8221;4.27.5&#8243; _module_preset=&#8221;default&#8221; global_colors_info=&#8221;{}&#8221;][\/et_pb_icon][et_pb_text _builder_version=&#8221;4.27.5&#8243; _module_preset=&#8221;default&#8221; global_colors_info=&#8221;{}&#8221;]<\/p>\n<p style=\"text-align: center;\">Set off safely and enjoy your route: our team will give you all the instructions you need to make the most of your canoe trip. Take your time to take photos, go for a swim, or even visit a village, leaving your canoe on the riverbank. <\/p>\n<p>[\/et_pb_text][\/et_pb_column][et_pb_column type=&#8221;1_4&#8243; _builder_version=&#8221;4.27.5&#8243; _module_preset=&#8221;default&#8221; animation_style=&#8221;slide&#8221; global_colors_info=&#8221;{}&#8221;][et_pb_icon font_icon=&#8221;&#xf207;||fa||900&#8243; icon_width=&#8221;40px&#8221; align=&#8221;center&#8221; _builder_version=&#8221;4.27.5&#8243; _module_preset=&#8221;default&#8221; global_colors_info=&#8221;{}&#8221;][\/et_pb_icon][et_pb_text _builder_version=&#8221;4.27.5&#8243; _module_preset=&#8221;default&#8221; global_colors_info=&#8221;{}&#8221;]<\/p>\n<p style=\"text-align: center;\">When you arrive, our team will take care of you and a return shuttle is provided to bring you back to the Vitrac base, where you can enjoy our food services, picnic areas, the beach, and restrooms.<\/p>\n<p>[\/et_pb_text][\/et_pb_column][\/et_pb_row][\/et_pb_section][et_pb_section fb_built=&#8221;1&#8243; specialty=&#8221;on&#8221; module_id=&#8221;carsvit&#8221; _builder_version=&#8221;4.27.5&#8243; _module_preset=&#8221;default&#8221; custom_padding=&#8221;0px||0px|||&#8221; border_width_top=&#8221;2px&#8221; border_color_top=&#8221;#629A30&#8243; border_color_bottom=&#8221;#629A30&#8243; global_colors_info=&#8221;{}&#8221;][et_pb_column type=&#8221;1_2&#8243; _builder_version=&#8221;4.16&#8243; custom_padding=&#8221;|||&#8221; global_colors_info=&#8221;{}&#8221; custom_padding__hover=&#8221;|||&#8221;][et_pb_image src=&#8221;https:\/\/www.canoe-dordogne.fr\/wp-content\/uploads\/2026\/02\/carsac-vitrac.jpg&#8221; alt=&#8221;Cano\u00eb Dordogne Carsac Vitrac&#8221; title_text=&#8221;carsac-vitrac&#8221; _builder_version=&#8221;4.27.5&#8243; _module_preset=&#8221;default&#8221; global_colors_info=&#8221;{}&#8221;][\/et_pb_image][\/et_pb_column][et_pb_column type=&#8221;1_2&#8243; specialty_columns=&#8221;2&#8243; _builder_version=&#8221;4.16&#8243; custom_padding=&#8221;|||&#8221; global_colors_info=&#8221;{}&#8221; custom_padding__hover=&#8221;|||&#8221;][et_pb_row_inner _builder_version=&#8221;4.27.5&#8243; _module_preset=&#8221;default&#8221; global_colors_info=&#8221;{}&#8221;][et_pb_column_inner saved_specialty_column_type=&#8221;1_2&#8243; _builder_version=&#8221;4.27.5&#8243; _module_preset=&#8221;default&#8221; global_colors_info=&#8221;{}&#8221;][et_pb_text _builder_version=&#8221;4.27.6&#8243; _module_preset=&#8221;default&#8221; global_colors_info=&#8221;{}&#8221;]<\/p>\n<h3>Beginner<\/h3>\n<h5>CARSAC &#8211; VITRAC<\/h5>\n<p><strong>1h30 &#8211; 9 km &#8211; Booking strongly recommended!<\/strong><\/p>\n<p><strong>Easy &#8211; Ideal for a first experience<\/strong><\/p>\n<p><strong>Families, children<\/strong><\/p>\n<p>[\/et_pb_text][\/et_pb_column_inner][\/et_pb_row_inner][et_pb_row_inner column_structure=&#8221;1_2,1_2&#8243; _builder_version=&#8221;4.27.5&#8243; _module_preset=&#8221;default&#8221; global_colors_info=&#8221;{}&#8221;][et_pb_column_inner type=&#8221;1_2&#8243; saved_specialty_column_type=&#8221;1_2&#8243; _builder_version=&#8221;4.27.5&#8243; _module_preset=&#8221;default&#8221; global_colors_info=&#8221;{}&#8221;][\/et_pb_column_inner][et_pb_column_inner type=&#8221;1_2&#8243; saved_specialty_column_type=&#8221;1_2&#8243; _builder_version=&#8221;4.27.5&#8243; _module_preset=&#8221;default&#8221; global_colors_info=&#8221;{}&#8221;][et_pb_button button_url=&#8221;https:\/\/canoedordogne.ats-sarlat.com:8443\/cgi-bin\/ProgATS\/eCommerce?licence=24CANOES_DORD01&#038;lg=EN&#8221; url_new_window=&#8221;on&#8221; button_text=&#8221;Book&#8221; _builder_version=&#8221;4.27.6&#8243; _module_preset=&#8221;default&#8221; global_colors_info=&#8221;{}&#8221;][\/et_pb_button][\/et_pb_column_inner][\/et_pb_row_inner][\/et_pb_column][\/et_pb_section][et_pb_section fb_built=&#8221;1&#8243; _builder_version=&#8221;4.27.5&#8243; _module_preset=&#8221;default&#8221; custom_padding=&#8221;3px|||||&#8221; global_colors_info=&#8221;{}&#8221;][et_pb_row column_structure=&#8221;1_2,1_2&#8243; _builder_version=&#8221;4.27.5&#8243; _module_preset=&#8221;default&#8221; max_width=&#8221;1580px&#8221; global_colors_info=&#8221;{}&#8221;][et_pb_column type=&#8221;1_2&#8243; _builder_version=&#8221;4.27.5&#8243; _module_preset=&#8221;default&#8221; global_colors_info=&#8221;{}&#8221;][et_pb_text _builder_version=&#8221;4.27.6&#8243; _module_preset=&#8221;default&#8221; global_colors_info=&#8221;{}&#8221;]<\/p>\n<h4>For your first time canoeing, this is the place to do it.<\/h4>\n<p>&nbsp;<\/p>\n<p><em>Not sure you\u2019ll enjoy canoeing? We\u2019ve got exactly what you need. A calm 9 km route, all nature, with no difficulty at all\u2014and a medieval castle perched on its cliff to top it all off.  <\/em><\/p>\n<p><em>All less than 10 minutes from Sarlat, starting from Carsac.<\/em><\/p>\n<p><em><strong>Departures at 10 am and 11 am every day &#8211; Please arrive 20 minutes before your chosen time at the Vitrac base<\/strong><\/em><\/p>\n<p><em><strong><\/strong><\/em><\/p>\n<p style=\"text-align: justify;\">This route is our little secret. Less well known than our other descents, but often the one our customers prefer when it\u2019s their first time and they\u2019re hesitating when choosing a route. <\/p>\n<p style=\"text-align: justify;\">We\u2019ll take you by shuttle to Carsac-Aillac.<\/p>\n<p style=\"text-align: justify;\">As soon as you dip your paddle into the water, you\u2019ll understand it\u2019s different. Here, the river is calm and wide, surrounded by greenery. No crowds, no noise\u2014just nature taking over again.  <\/p>\n<p style=\"text-align: justify;\">You gently enter the Cingle de Montfort: a spectacular meander where the river draws a huge loop, almost closing in on itself, framed by limestone cliffs that plunge into the water. This geological phenomenon is extremely rare\u2014there are only three along the entire Dordogne. You\u2019ve got a one-in-three chance of being on the most beautiful one.  <\/p>\n<p style=\"text-align: justify;\">And at the top of the cliff, there it is: Montfort Castle. Perched on its rocky spur since the 10th century, it watches over the river in silence. From the road, you catch a glimpse of it. From your canoe, you simply look up, and it fills the sky. It\u2019s the kind of moment that makes you want to stop paddling and stay there for a few seconds.    <\/p>\n<p style=\"text-align: justify;\">And here\u2019s what makes this route truly special: once you\u2019re on the water, there are no constraints. Your car will be waiting for you right at the finish, at our Vitrac base. You can do the descent in 1 hour if you\u2019re feeling sporty, or take 3 hours if you fancy a long swimming break, a picnic on a gravel bar, or just sitting still watching swifts swirl above the cliffs. No one is waiting for you, no one is counting the hours. You decide. That\u2019s what a real holiday feels like.     <\/p>\n<p>&nbsp;<\/p>\n<p>[\/et_pb_text][et_pb_text _builder_version=&#8221;4.27.6&#8243; _module_preset=&#8221;default&#8221; custom_padding=&#8221;2px|5px|2px|5px|true|true&#8221; border_width_all=&#8221;2px&#8221; border_color_all=&#8221;#FFCF02&#8243; global_colors_info=&#8221;{}&#8221;]<\/p>\n<p><strong>What\u2019s included:<\/strong><\/p>\n<ul>\n<li>Canoe or kayak, paddles and life jacket provided<\/li>\n<li>Free outbound shuttle at 10 am or 11 am<\/li>\n<li>Free parking at our base<\/li>\n<\/ul>\n<p>[\/et_pb_text][\/et_pb_column][et_pb_column type=&#8221;1_2&#8243; _builder_version=&#8221;4.27.5&#8243; _module_preset=&#8221;default&#8221; global_colors_info=&#8221;{}&#8221;][dipl_timeline _builder_version=&#8221;4.27.6&#8243; _module_preset=&#8221;default&#8221; global_colors_info=&#8221;{}&#8221;][dipl_timeline_item timeline_title=&#8221;Rendez-vous \u00e0 la base principale de Vitrac&#8221; display_time=&#8221;on&#8221; use_timeline_icon=&#8221;on&#8221; select_timeline_icon=&#8221;&#xe081;||divi||400&#8243; _builder_version=&#8221;4.27.6&#8243; _module_preset=&#8221;default&#8221; global_colors_info=&#8221;{}&#8221;][\/dipl_timeline_item][dipl_timeline_item timeline_title=&#8221;Liaison en bus vers Carsac pour le d\u00e9part en Cano\u00eb&#8221; display_time=&#8221;on&#8221; timeline_custom_time=&#8221;0 km&#8221; use_timeline_icon=&#8221;on&#8221; select_timeline_icon=&#8221;&#xe081;||divi||400&#8243; _builder_version=&#8221;4.27.6&#8243; _module_preset=&#8221;default&#8221; global_colors_info=&#8221;{}&#8221;][\/dipl_timeline_item][dipl_timeline_item timeline_title=&#8221;Falaise du Cingle de Monfort&#8221; display_time=&#8221;on&#8221; timeline_custom_time=&#8221;2 km&#8221; use_timeline_icon=&#8221;on&#8221; select_timeline_icon=&#8221;&#xe081;||divi||400&#8243; _builder_version=&#8221;4.27.5&#8243; _module_preset=&#8221;default&#8221; global_colors_info=&#8221;{}&#8221;][\/dipl_timeline_item][dipl_timeline_item timeline_title=&#8221;Rocher de Caudon&#8221; display_time=&#8221;on&#8221; timeline_custom_time=&#8221;5,2 km&#8221; use_timeline_icon=&#8221;on&#8221; select_timeline_icon=&#8221;&#xe081;||divi||400&#8243; _builder_version=&#8221;4.27.5&#8243; _module_preset=&#8221;default&#8221; global_colors_info=&#8221;{}&#8221;][\/dipl_timeline_item][dipl_timeline_item timeline_title=&#8221;Falaise de Vitrac&#8221; display_time=&#8221;on&#8221; timeline_custom_time=&#8221;7,5 km&#8221; use_timeline_icon=&#8221;on&#8221; select_timeline_icon=&#8221;&#xe081;||divi||400&#8243; _builder_version=&#8221;4.27.5&#8243; _module_preset=&#8221;default&#8221; global_colors_info=&#8221;{}&#8221;][\/dipl_timeline_item][dipl_timeline_item timeline_title=&#8221;Arriv\u00e9e \u00e0 Vitrac&#8221; display_time=&#8221;on&#8221; timeline_custom_time=&#8221;9 km&#8221; use_timeline_icon=&#8221;on&#8221; select_timeline_icon=&#8221;&#xf11e;||fa||900&#8243; _builder_version=&#8221;4.27.6&#8243; _module_preset=&#8221;default&#8221; global_colors_info=&#8221;{}&#8221;][\/dipl_timeline_item][\/dipl_timeline][\/et_pb_column][\/et_pb_row][\/et_pb_section][et_pb_section fb_built=&#8221;1&#8243; specialty=&#8221;on&#8221; module_id=&#8221;v2ch&#8221; _builder_version=&#8221;4.27.5&#8243; _module_preset=&#8221;default&#8221; custom_padding=&#8221;0px||0px|||&#8221; border_width_top=&#8221;2px&#8221; border_color_top=&#8221;#629A30&#8243; border_color_bottom=&#8221;#629A30&#8243; global_colors_info=&#8221;{}&#8221;][et_pb_column type=&#8221;1_2&#8243; _builder_version=&#8221;4.16&#8243; custom_padding=&#8221;|||&#8221; global_colors_info=&#8221;{}&#8221; custom_padding__hover=&#8221;|||&#8221;][et_pb_image src=&#8221;https:\/\/www.canoe-dordogne.fr\/wp-content\/uploads\/2026\/02\/Vitrac-Castelnaud-2ch.jpg&#8221; alt=&#8221;Vitrac\u2013Castelnaud route&#8221; title_text=&#8221;Vitrac-Castelnaud-2ch&#8221; _builder_version=&#8221;4.27.5&#8243; _module_preset=&#8221;default&#8221; global_colors_info=&#8221;{}&#8221;][\/et_pb_image][\/et_pb_column][et_pb_column type=&#8221;1_2&#8243; specialty_columns=&#8221;2&#8243; _builder_version=&#8221;4.16&#8243; custom_padding=&#8221;|||&#8221; global_colors_info=&#8221;{}&#8221; custom_padding__hover=&#8221;|||&#8221;][et_pb_row_inner _builder_version=&#8221;4.27.5&#8243; _module_preset=&#8221;default&#8221; global_colors_info=&#8221;{}&#8221;][et_pb_column_inner saved_specialty_column_type=&#8221;1_2&#8243; _builder_version=&#8221;4.27.5&#8243; _module_preset=&#8221;default&#8221; global_colors_info=&#8221;{}&#8221;][et_pb_text _builder_version=&#8221;4.27.6&#8243; _module_preset=&#8221;default&#8221; global_colors_info=&#8221;{}&#8221;]<\/p>\n<h3>Family<\/h3>\n<h5>VITRAC \u2013 LA ROQUE GAGEAC \u2013 CASTELNAUD<\/h5>\n<p>[\/et_pb_text][\/et_pb_column_inner][\/et_pb_row_inner][et_pb_row_inner column_structure=&#8221;1_2,1_2&#8243; _builder_version=&#8221;4.27.5&#8243; _module_preset=&#8221;default&#8221; global_colors_info=&#8221;{}&#8221;][et_pb_column_inner type=&#8221;1_2&#8243; saved_specialty_column_type=&#8221;1_2&#8243; _builder_version=&#8221;4.27.5&#8243; _module_preset=&#8221;default&#8221; global_colors_info=&#8221;{}&#8221;][et_pb_text _builder_version=&#8221;4.27.5&#8243; _module_preset=&#8221;default&#8221; global_colors_info=&#8221;{}&#8221;]<\/p>\n<p><strong>2h \u2013 12 km<\/strong><\/p>\n<p><strong>Easy &#8211; Beginners<\/strong><\/p>\n<p><strong>Families, children<\/strong><\/p>\n<p><strong><\/strong><\/p>\n<p>[\/et_pb_text][\/et_pb_column_inner][et_pb_column_inner type=&#8221;1_2&#8243; saved_specialty_column_type=&#8221;1_2&#8243; _builder_version=&#8221;4.27.5&#8243; _module_preset=&#8221;default&#8221; global_colors_info=&#8221;{}&#8221;][et_pb_button button_url=&#8221;https:\/\/canoedordogne.ats-sarlat.com:8443\/cgi-bin\/ProgATS\/eCommerce?licence=24CANOES_DORD01&#038;lg=EN&#8221; url_new_window=&#8221;on&#8221; button_text=&#8221;Book&#8221; _builder_version=&#8221;4.27.6&#8243; _module_preset=&#8221;default&#8221; global_colors_info=&#8221;{}&#8221;][\/et_pb_button][\/et_pb_column_inner][\/et_pb_row_inner][\/et_pb_column][\/et_pb_section][et_pb_section fb_built=&#8221;1&#8243; _builder_version=&#8221;4.27.5&#8243; _module_preset=&#8221;default&#8221; custom_padding=&#8221;3px|||||&#8221; global_colors_info=&#8221;{}&#8221;][et_pb_row column_structure=&#8221;1_2,1_2&#8243; _builder_version=&#8221;4.27.5&#8243; _module_preset=&#8221;default&#8221; max_width=&#8221;1580px&#8221; global_colors_info=&#8221;{}&#8221;][et_pb_column type=&#8221;1_2&#8243; _builder_version=&#8221;4.27.5&#8243; _module_preset=&#8221;default&#8221; global_colors_info=&#8221;{}&#8221;][et_pb_text _builder_version=&#8221;4.27.6&#8243; _module_preset=&#8221;default&#8221; global_colors_info=&#8221;{}&#8221;]<\/p>\n<h4 style=\"text-align: justify;\">Set off on a memorable family experience<\/h4>\n<p>&nbsp;<\/p>\n<p style=\"text-align: justify;\"><em>Are you in Sarlat or the Dordogne Valley for a few days and looking for an activity that everyone will truly enjoy\u2014especially the kids?<\/em><\/p>\n<p style=\"text-align: justify;\"><em>Our canoe base is an 8-minute drive from Sarlat, and what you\u2019ll discover on the river by choosing this route is something you won\u2019t have seen from your car.<\/em><\/p>\n<p style=\"text-align: justify;\"><em><strong>Continuous departures between 9:30 am and 3 pm &#8211; Return shuttle every hour<\/strong><\/em><\/p>\n<p style=\"text-align: justify;\"><em><strong><\/strong><\/em><\/p>\n<p style=\"text-align: justify;\">From our Vitrac base, you set off on the Dordogne, a gentle, calm river with no difficulty at all. No experience needed, no technique required: after a few paddle strokes, you find your rhythm, and the Dordogne Valley starts to unfold before your eyes. <\/p>\n<p style=\"text-align: justify;\">First favourite: La Roque-Gageac.<\/p>\n<p>A medieval village listed among The Most Beautiful Villages of France, but from the river it takes on a whole new dimension.<\/p>\n<p>The ochre stone houses are literally clinging to a limestone cliff over 80 metres high. The view is striking. The kids can\u2019t believe it. Neither can the adults.   <\/p>\n<p>Then you carry on at an easy pace. Along the banks: weeping willows, pebble beaches perfect for a swimming break, and kingfishers skimming the water. <\/p>\n<p>Then Castelnaud appears: its medieval castle\u2014one of the best preserved in the P\u00e9rigord\u2014towers over the river from its rock. That\u2019s where your descent ends, on an image you won\u2019t forget. <\/p>\n<p>This route is perfect for families with young children. Not too long, not too short, it combines nature, castles, swimming\u2014everything we consider essential for a great day canoeing on the Dordogne. <\/p>\n<p>&nbsp;<\/p>\n<p>[\/et_pb_text][et_pb_text _builder_version=&#8221;4.27.6&#8243; _module_preset=&#8221;default&#8221; custom_padding=&#8221;5px|5px|5px|5px|true|true&#8221; border_width_all=&#8221;2px&#8221; border_color_all=&#8221;#FFCF02&#8243; global_colors_info=&#8221;{}&#8221;]<\/p>\n<p><strong>What\u2019s included:<\/strong><\/p>\n<ul>\n<li>Canoe or kayak, paddles and life jacket provided<\/li>\n<li>Free return shuttle every hour<\/li>\n<li>Free parking at our base<\/li>\n<\/ul>\n<p>[\/et_pb_text][\/et_pb_column][et_pb_column type=&#8221;1_2&#8243; _builder_version=&#8221;4.27.5&#8243; _module_preset=&#8221;default&#8221; global_colors_info=&#8221;{}&#8221;][dipl_timeline _builder_version=&#8221;4.27.5&#8243; _module_preset=&#8221;default&#8221; global_colors_info=&#8221;{}&#8221;][dipl_timeline_item timeline_title=&#8221;D\u00e9part Base de Vitrac&#8221; display_time=&#8221;on&#8221; timeline_custom_time=&#8221;0 km&#8221; use_timeline_icon=&#8221;on&#8221; select_timeline_icon=&#8221;&#xe081;||divi||400&#8243; _builder_version=&#8221;4.27.5&#8243; _module_preset=&#8221;default&#8221; global_colors_info=&#8221;{}&#8221;][\/dipl_timeline_item][dipl_timeline_item timeline_title=&#8221;Bastide de Domme&#8221; display_time=&#8221;on&#8221; timeline_custom_time=&#8221;3 km&#8221; _builder_version=&#8221;4.27.5&#8243; _module_preset=&#8221;default&#8221; global_colors_info=&#8221;{}&#8221;][\/dipl_timeline_item][dipl_timeline_item timeline_title=&#8221;La Roque Gageac&#8221; display_time=&#8221;on&#8221; timeline_custom_time=&#8221;7,3 km&#8221; _builder_version=&#8221;4.27.5&#8243; _module_preset=&#8221;default&#8221; global_timeline_header_font=&#8221;||||||||&#8221; global_colors_info=&#8221;{}&#8221;][\/dipl_timeline_item][dipl_timeline_item timeline_title=&#8221;Le Ch\u00e2teau de la Malartrie&#8221; display_time=&#8221;on&#8221; timeline_custom_time=&#8221;7,8 km&#8221; _builder_version=&#8221;4.27.5&#8243; _module_preset=&#8221;default&#8221; global_colors_info=&#8221;{}&#8221;][\/dipl_timeline_item][dipl_timeline_item timeline_title=&#8221;Castelnaud &#8211; Arriv\u00e9e&#8221; display_time=&#8221;on&#8221; timeline_custom_time=&#8221;12 km&#8221; use_timeline_icon=&#8221;on&#8221; select_timeline_icon=&#8221;&#xf11e;||fa||900&#8243; _builder_version=&#8221;4.27.5&#8243; _module_preset=&#8221;default&#8221; global_colors_info=&#8221;{}&#8221;][\/dipl_timeline_item][\/dipl_timeline][\/et_pb_column][\/et_pb_row][\/et_pb_section][et_pb_section fb_built=&#8221;1&#8243; specialty=&#8221;on&#8221; module_id=&#8221;v5ch&#8221; _builder_version=&#8221;4.27.5&#8243; _module_preset=&#8221;default&#8221; custom_padding=&#8221;0px||0px|||&#8221; border_width_top=&#8221;2px&#8221; border_color_top=&#8221;#629A30&#8243; border_color_bottom=&#8221;#629A30&#8243; global_colors_info=&#8221;{}&#8221;][et_pb_column type=&#8221;1_2&#8243; _builder_version=&#8221;4.16&#8243; custom_padding=&#8221;|||&#8221; global_colors_info=&#8221;{}&#8221; custom_padding__hover=&#8221;|||&#8221;][et_pb_image src=&#8221;https:\/\/www.canoe-dordogne.fr\/wp-content\/uploads\/2026\/02\/Vitrac-Beynac-5ch.jpg&#8221; alt=&#8221;Vitrac\u2013Beynac route&#8221; title_text=&#8221;Vitrac-Beynac-5ch&#8221; _builder_version=&#8221;4.27.5&#8243; _module_preset=&#8221;default&#8221; global_colors_info=&#8221;{}&#8221;][\/et_pb_image][\/et_pb_column][et_pb_column type=&#8221;1_2&#8243; specialty_columns=&#8221;2&#8243; _builder_version=&#8221;4.16&#8243; custom_padding=&#8221;|||&#8221; global_colors_info=&#8221;{}&#8221; custom_padding__hover=&#8221;|||&#8221;][et_pb_row_inner _builder_version=&#8221;4.27.5&#8243; _module_preset=&#8221;default&#8221; global_colors_info=&#8221;{}&#8221;][et_pb_column_inner saved_specialty_column_type=&#8221;1_2&#8243; _builder_version=&#8221;4.27.5&#8243; _module_preset=&#8221;default&#8221; global_colors_info=&#8221;{}&#8221;][et_pb_text _builder_version=&#8221;4.27.6&#8243; _module_preset=&#8221;default&#8221; global_colors_info=&#8221;{}&#8221;]<\/p>\n<h3>Best Seller<\/h3>\n<h5>VITRAC \u2013 LA ROQUE GAGEAC \u2013 BEYNAC<\/h5>\n<p>[\/et_pb_text][\/et_pb_column_inner][\/et_pb_row_inner][et_pb_row_inner column_structure=&#8221;1_2,1_2&#8243; _builder_version=&#8221;4.27.5&#8243; _module_preset=&#8221;default&#8221; global_colors_info=&#8221;{}&#8221;][et_pb_column_inner type=&#8221;1_2&#8243; saved_specialty_column_type=&#8221;1_2&#8243; _builder_version=&#8221;4.27.5&#8243; _module_preset=&#8221;default&#8221; global_colors_info=&#8221;{}&#8221;][et_pb_text _builder_version=&#8221;4.27.5&#8243; _module_preset=&#8221;default&#8221; global_colors_info=&#8221;{}&#8221;]<\/p>\n<p><strong>3h \u2013 16 km<\/strong><\/p>\n<p><strong>Easy &#8211; Beginners<\/strong><\/p>\n<p><strong>Families<\/strong><strong><\/strong><\/p>\n<p>[\/et_pb_text][\/et_pb_column_inner][et_pb_column_inner type=&#8221;1_2&#8243; saved_specialty_column_type=&#8221;1_2&#8243; _builder_version=&#8221;4.27.5&#8243; _module_preset=&#8221;default&#8221; global_colors_info=&#8221;{}&#8221;][et_pb_button button_url=&#8221;https:\/\/canoedordogne.ats-sarlat.com:8443\/cgi-bin\/ProgATS\/eCommerce?licence=24CANOES_DORD01&#038;lg=EN&#8221; url_new_window=&#8221;on&#8221; button_text=&#8221;Book&#8221; _builder_version=&#8221;4.27.6&#8243; _module_preset=&#8221;default&#8221; global_colors_info=&#8221;{}&#8221;][\/et_pb_button][\/et_pb_column_inner][\/et_pb_row_inner][\/et_pb_column][\/et_pb_section][et_pb_section fb_built=&#8221;1&#8243; _builder_version=&#8221;4.27.5&#8243; _module_preset=&#8221;default&#8221; custom_padding=&#8221;3px|||||&#8221; global_colors_info=&#8221;{}&#8221;][et_pb_row column_structure=&#8221;1_2,1_2&#8243; _builder_version=&#8221;4.27.5&#8243; _module_preset=&#8221;default&#8221; max_width=&#8221;1580px&#8221; global_colors_info=&#8221;{}&#8221;][et_pb_column type=&#8221;1_2&#8243; _builder_version=&#8221;4.27.5&#8243; _module_preset=&#8221;default&#8221; global_colors_info=&#8221;{}&#8221;][et_pb_text _builder_version=&#8221;4.27.6&#8243; _module_preset=&#8221;default&#8221; global_colors_info=&#8221;{}&#8221;]<\/p>\n<h4 style=\"text-align: justify;\">The valley\u2019s iconic descent<\/h4>\n<p style=\"text-align: justify;\">\n<p style=\"text-align: justify;\"><em>It\u2019s the canoe route on the Dordogne that every guide recommends.<\/em><\/p>\n<p style=\"text-align: justify;\"><em>There are landscapes you\u2019ve seen in photos for years, and they still leave you speechless when you see them in real life.  <\/em><\/p>\n<p style=\"text-align: justify;\"><em>This descent from Vitrac to Beynac is one of them.<\/em><\/p>\n<p style=\"text-align: justify;\"><em><strong>Continuous departures between 9:30 am and 3 pm &#8211; Return shuttle every hour<\/strong><\/em><\/p>\n<p style=\"text-align: justify;\"><em><strong><\/strong><\/em><\/p>\n<p style=\"text-align: justify;\">The Dordogne Valley is listed as a UNESCO Biosphere Reserve. It\u2019s no coincidence: it\u2019s one of France\u2019s best-preserved natural areas, with its limestone cliffs, lazy meanders, and fortified castles that look like they\u2019ve come straight out of a history book. From the river, you\u2019re right in the heart of it all.  <\/p>\n<p style=\"text-align: justify;\">You leave Vitrac, near Sarlat, and let the river guide you.<\/p>\n<p style=\"text-align: justify;\"><span style=\"text-decoration: underline;\">First stop:<\/span> the Pendoile limestone cliffs. And to think the river has shaped this valley for millions of years. <\/p>\n<p style=\"text-align: justify;\"><span style=\"text-decoration: underline;\">Second stop:<\/span> La Roque-Gageac, a troglodyte village nestled between cliff and Dordogne, where the houses seem to grow straight out of the rock. Look up: exotic gardens cling up there on the cliff face. Incredible, but true.  <\/p>\n<p style=\"text-align: justify;\"><span style=\"text-decoration: underline;\">Next you pass Castelnaud:<\/span> its 12th-century medieval castle was one of the major stakes of the Hundred Years\u2019 War. It stands above the river, imposing, and opposite it is Beynac, its rival castle since the Middle Ages. Right now, you\u2019re paddling between two enemy fortresses. Some holiday moments are like that\u2014and worth more than any museum visit.   <\/p>\n<p style=\"text-align: justify;\">Between these two fortresses, you\u2019ll be able to spot two castles that helped keep watch over Beynac and Castelnaud: Marqueyssac Castle and its hanging gardens, and Fayrac Castle, on the opposite bank. <\/p>\n<p style=\"text-align: justify;\"><span style=\"text-decoration: underline;\">A few hundred metres after the village of Beynac:<\/span> a listed medieval village, a royal castle, a terrace with breathtaking views over the whole valley\u2014you\u2019ve arrived.<\/p>\n<p style=\"text-align: justify;\">You rest your paddles, take a breath, and you understand why people say the Dordogne is one of the most beautiful rivers in France.<\/p>\n<p style=\"text-align: justify;\">With a bit of luck, you might have time to enjoy a drink with a view of Beynac Castle or Monrecour, depending on your choice, while you wait for the shuttle back to the Vitrac base.<\/p>\n<p style=\"text-align: justify;\">[\/et_pb_text][et_pb_text _builder_version=&#8221;4.27.6&#8243; _module_preset=&#8221;default&#8221; custom_padding=&#8221;5px|5px|5px|5px|true|true&#8221; border_width_all=&#8221;2px&#8221; border_color_all=&#8221;#FFCF02&#8243; global_colors_info=&#8221;{}&#8221;]<\/p>\n<p><strong>What\u2019s included:<\/strong><\/p>\n<ul>\n<li>Canoe or kayak, paddles and life jacket provided<\/li>\n<li>Free return shuttle every hour<\/li>\n<li>Free parking at our base<\/li>\n<\/ul>\n<p>[\/et_pb_text][\/et_pb_column][et_pb_column type=&#8221;1_2&#8243; _builder_version=&#8221;4.27.5&#8243; _module_preset=&#8221;default&#8221; global_colors_info=&#8221;{}&#8221;][dipl_timeline _builder_version=&#8221;4.27.5&#8243; _module_preset=&#8221;default&#8221; global_colors_info=&#8221;{}&#8221;][dipl_timeline_item timeline_title=&#8221;D\u00e9part Base de Vitrac&#8221; display_time=&#8221;on&#8221; timeline_custom_time=&#8221;0 km&#8221; use_timeline_icon=&#8221;on&#8221; select_timeline_icon=&#8221;&#xe081;||divi||400&#8243; _builder_version=&#8221;4.27.5&#8243; _module_preset=&#8221;default&#8221; global_colors_info=&#8221;{}&#8221;][\/dipl_timeline_item][dipl_timeline_item timeline_title=&#8221;Bastide de Domme&#8221; display_time=&#8221;on&#8221; timeline_custom_time=&#8221;3 km&#8221; _builder_version=&#8221;4.27.5&#8243; _module_preset=&#8221;default&#8221; global_colors_info=&#8221;{}&#8221;][\/dipl_timeline_item][dipl_timeline_item timeline_title=&#8221;La Roque Gageac&#8221; display_time=&#8221;on&#8221; timeline_custom_time=&#8221;7,3 km&#8221; _builder_version=&#8221;4.27.5&#8243; _module_preset=&#8221;default&#8221; global_timeline_header_font=&#8221;||||||||&#8221; global_colors_info=&#8221;{}&#8221;][\/dipl_timeline_item][dipl_timeline_item timeline_title=&#8221;Le Ch\u00e2teau de la Malartrie&#8221; display_time=&#8221;on&#8221; timeline_custom_time=&#8221;7,8 km&#8221; _builder_version=&#8221;4.27.5&#8243; _module_preset=&#8221;default&#8221; global_colors_info=&#8221;{}&#8221;][\/dipl_timeline_item][dipl_timeline_item timeline_title=&#8221;Castelnaud La Chapelle&#8221; display_time=&#8221;on&#8221; timeline_custom_time=&#8221;10,4 km&#8221; _builder_version=&#8221;4.27.5&#8243; _module_preset=&#8221;default&#8221; global_colors_info=&#8221;{}&#8221;][\/dipl_timeline_item][dipl_timeline_item timeline_title=&#8221;Ch\u00e2teau de Fayrac&#8221; display_time=&#8221;on&#8221; timeline_custom_time=&#8221;12,2 km&#8221; _builder_version=&#8221;4.27.5&#8243; _module_preset=&#8221;default&#8221; global_colors_info=&#8221;{}&#8221;][\/dipl_timeline_item][dipl_timeline_item timeline_title=&#8221;Beynac&#8221; display_time=&#8221;on&#8221; timeline_custom_time=&#8221;13,2 km&#8221; _builder_version=&#8221;4.27.5&#8243; _module_preset=&#8221;default&#8221; global_colors_info=&#8221;{}&#8221;][\/dipl_timeline_item][dipl_timeline_item timeline_title=&#8221;La Cabane &#8211; Arriv\u00e9e&#8221; display_time=&#8221;on&#8221; timeline_custom_time=&#8221;16 km&#8221; use_timeline_icon=&#8221;on&#8221; select_timeline_icon=&#8221;&#xf11e;||fa||900&#8243; _builder_version=&#8221;4.27.5&#8243; _module_preset=&#8221;default&#8221; global_colors_info=&#8221;{}&#8221;][\/dipl_timeline_item][\/dipl_timeline][\/et_pb_column][\/et_pb_row][\/et_pb_section][et_pb_section fb_built=&#8221;1&#8243; specialty=&#8221;on&#8221; module_id=&#8221;v6ch&#8221; _builder_version=&#8221;4.27.5&#8243; _module_preset=&#8221;default&#8221; custom_padding=&#8221;0px||0px|||&#8221; border_width_top=&#8221;2px&#8221; border_color_top=&#8221;#629A30&#8243; border_color_bottom=&#8221;#629A30&#8243; global_colors_info=&#8221;{}&#8221;][et_pb_column type=&#8221;1_2&#8243; _builder_version=&#8221;4.16&#8243; custom_padding=&#8221;|||&#8221; global_colors_info=&#8221;{}&#8221; custom_padding__hover=&#8221;|||&#8221;][et_pb_image src=&#8221;https:\/\/www.canoe-dordogne.fr\/wp-content\/uploads\/2026\/02\/La-Roque-Gageac-6ch.jpg&#8221; alt=&#8221;Carsac\u2013Beynac route&#8221; title_text=&#8221;La-Roque-Gageac-6ch&#8221; _builder_version=&#8221;4.27.5&#8243; _module_preset=&#8221;default&#8221; global_colors_info=&#8221;{}&#8221;][\/et_pb_image][\/et_pb_column][et_pb_column type=&#8221;1_2&#8243; specialty_columns=&#8221;2&#8243; _builder_version=&#8221;4.16&#8243; custom_padding=&#8221;|||&#8221; global_colors_info=&#8221;{}&#8221; custom_padding__hover=&#8221;|||&#8221;][et_pb_row_inner _builder_version=&#8221;4.27.5&#8243; _module_preset=&#8221;default&#8221; global_colors_info=&#8221;{}&#8221;][et_pb_column_inner saved_specialty_column_type=&#8221;1_2&#8243; _builder_version=&#8221;4.27.5&#8243; _module_preset=&#8221;default&#8221; global_colors_info=&#8221;{}&#8221;][et_pb_text _builder_version=&#8221;4.27.6&#8243; _module_preset=&#8221;default&#8221; global_colors_info=&#8221;{}&#8221;]<\/p>\n<h3>Sporty<\/h3>\n<h5>CARSAC \u2013 BEYNAC<\/h5>\n<p>[\/et_pb_text][\/et_pb_column_inner][\/et_pb_row_inner][et_pb_row_inner column_structure=&#8221;1_2,1_2&#8243; _builder_version=&#8221;4.27.5&#8243; _module_preset=&#8221;default&#8221; global_colors_info=&#8221;{}&#8221;][et_pb_column_inner type=&#8221;1_2&#8243; saved_specialty_column_type=&#8221;1_2&#8243; _builder_version=&#8221;4.27.5&#8243; _module_preset=&#8221;default&#8221; global_colors_info=&#8221;{}&#8221;][et_pb_text _builder_version=&#8221;4.27.6&#8243; _module_preset=&#8221;default&#8221; global_colors_info=&#8221;{}&#8221;]<\/p>\n<p><strong>4h30 \u2013 25 km &#8211; <\/strong><strong>Booking strongly recommended!<\/strong><\/p>\n<p><strong>Easy &#8211; Regulars<\/strong><\/p>\n<p><strong>Families &#8211; Teens<\/strong><strong><\/strong><\/p>\n<p>[\/et_pb_text][\/et_pb_column_inner][et_pb_column_inner type=&#8221;1_2&#8243; saved_specialty_column_type=&#8221;1_2&#8243; _builder_version=&#8221;4.27.5&#8243; _module_preset=&#8221;default&#8221; global_colors_info=&#8221;{}&#8221;][et_pb_button button_url=&#8221;https:\/\/canoedordogne.ats-sarlat.com:8443\/cgi-bin\/ProgATS\/eCommerce?licence=24CANOES_DORD01&#038;lg=EN&#8221; url_new_window=&#8221;on&#8221; button_text=&#8221;Book&#8221; _builder_version=&#8221;4.27.6&#8243; _module_preset=&#8221;default&#8221; global_colors_info=&#8221;{}&#8221;][\/et_pb_button][\/et_pb_column_inner][\/et_pb_row_inner][\/et_pb_column][\/et_pb_section][et_pb_section fb_built=&#8221;1&#8243; _builder_version=&#8221;4.27.5&#8243; _module_preset=&#8221;default&#8221; custom_padding=&#8221;3px|||||&#8221; global_colors_info=&#8221;{}&#8221;][et_pb_row column_structure=&#8221;1_2,1_2&#8243; _builder_version=&#8221;4.27.5&#8243; _module_preset=&#8221;default&#8221; max_width=&#8221;1580px&#8221; global_colors_info=&#8221;{}&#8221;][et_pb_column type=&#8221;1_2&#8243; _builder_version=&#8221;4.27.5&#8243; _module_preset=&#8221;default&#8221; global_colors_info=&#8221;{}&#8221;][et_pb_text _builder_version=&#8221;4.27.6&#8243; _module_preset=&#8221;default&#8221; global_colors_info=&#8221;{}&#8221;]<\/p>\n<h4>For those who want to see it all<\/h4>\n<p><em>Got a whole day ahead of you and want to make it unforgettable? This route was designed for you. <\/em><\/p>\n<p><em>A chance to get some exercise without needing any experience or exceptional fitness.<\/em><\/p>\n<p><em><strong>Departures at 10 am and 11 am every day &#8211; Please arrive 20 minutes before your chosen time at the Vitrac base<\/strong><\/em><\/p>\n<p>Our shuttle takes you to Carsac, a small P\u00e9rigord village upstream in the valley, where the river is still wild and little frequented.<\/p>\n<p>You set off in the cool of the morning with a rare feeling: the Dordogne is almost yours alone!<\/p>\n<p>Then the valley opens up. Over 25 kilometres, 6 castles will pass by\u2014some perched on vertiginous cliffs, others nestled in the greenery&#8230; all steeped in history. <\/p>\n<p>Montfort with its spectacular meander, one of the most photographed in France. La Malartrie, nestled at the foot of high cliffs. Castelnaud and its Hundred Years\u2019 War castle. Fayrac, more discreet, barely visible in the trees. La Roque-Gageac, clinging to its cliff like an eagle\u2019s nest. Beynac, royal castle of the P\u00e9rigord, and finally Les Milandes, once the home of Jos\u00e9phine Baker, who entered the Panth\u00e9on in 2021.     <\/p>\n<p>Between two castles, you take your time. A swimming break in a shaded cove. A stop for ice cream or coffee in La Roque-Gageac, accessible directly from the river. A picnic on a pebble beach, listening to the herons.   <\/p>\n<p>With 4h30 on the water\u2014without counting breaks\u2014you\u2019ve got plenty of time to enjoy every moment.<\/p>\n<p>It\u2019s the full version, the generous version of the Dordogne. The one you come back from exhausted, delighted, and already nostalgic. <\/p>\n<p>[\/et_pb_text][et_pb_text _builder_version=&#8221;4.27.6&#8243; _module_preset=&#8221;default&#8221; custom_padding=&#8221;5px|5px|5px|5px|true|true&#8221; border_width_all=&#8221;2px&#8221; border_color_all=&#8221;#FFCF02&#8243; global_colors_info=&#8221;{}&#8221;]<\/p>\n<p><strong>What\u2019s included:<\/strong><\/p>\n<ul>\n<li>Canoe or kayak, paddles and life jacket provided<\/li>\n<li>Free outbound shuttle at 10 am or 11 am<\/li>\n<li>Free return shuttle every hour<\/li>\n<li>Free parking at our base<\/li>\n<\/ul>\n<p>[\/et_pb_text][\/et_pb_column][et_pb_column type=&#8221;1_2&#8243; _builder_version=&#8221;4.27.5&#8243; _module_preset=&#8221;default&#8221; global_colors_info=&#8221;{}&#8221;][dipl_timeline _builder_version=&#8221;4.27.6&#8243; _module_preset=&#8221;default&#8221; global_colors_info=&#8221;{}&#8221;][dipl_timeline_item timeline_title=&#8221;D\u00e9part Base de Vitrac&#8221; display_time=&#8221;on&#8221; timeline_custom_time=&#8221;Liaison vers Carsac en Navette&#8221; use_timeline_icon=&#8221;on&#8221; select_timeline_icon=&#8221;&#xe081;||divi||400&#8243; _builder_version=&#8221;4.27.5&#8243; _module_preset=&#8221;default&#8221; global_colors_info=&#8221;{}&#8221;][\/dipl_timeline_item][dipl_timeline_item timeline_title=&#8221;D\u00e9part Carsac&#8221; display_time=&#8221;on&#8221; timeline_custom_time=&#8221;0 km&#8221; use_timeline_icon=&#8221;on&#8221; select_timeline_icon=&#8221;&#xe081;||divi||400&#8243; _builder_version=&#8221;4.27.5&#8243; _module_preset=&#8221;default&#8221; global_colors_info=&#8221;{}&#8221;][\/dipl_timeline_item][dipl_timeline_item timeline_title=&#8221;Falaise du Cingle de Monfort&#8221; display_time=&#8221;on&#8221; timeline_custom_time=&#8221;2 km&#8221; use_timeline_icon=&#8221;on&#8221; select_timeline_icon=&#8221;&#xe081;||divi||400&#8243; _builder_version=&#8221;4.27.5&#8243; _module_preset=&#8221;default&#8221; global_colors_info=&#8221;{}&#8221;][\/dipl_timeline_item][dipl_timeline_item timeline_title=&#8221;Rocher de Caudon&#8221; display_time=&#8221;on&#8221; timeline_custom_time=&#8221;5,2 km&#8221; use_timeline_icon=&#8221;on&#8221; select_timeline_icon=&#8221;&#xe081;||divi||400&#8243; _builder_version=&#8221;4.27.5&#8243; _module_preset=&#8221;default&#8221; global_colors_info=&#8221;{}&#8221;][\/dipl_timeline_item][dipl_timeline_item timeline_title=&#8221;Falaise de Vitrac&#8221; display_time=&#8221;on&#8221; timeline_custom_time=&#8221;7,5 km&#8221; use_timeline_icon=&#8221;on&#8221; select_timeline_icon=&#8221;&#xe081;||divi||400&#8243; _builder_version=&#8221;4.27.5&#8243; _module_preset=&#8221;default&#8221; global_colors_info=&#8221;{}&#8221;][\/dipl_timeline_item][dipl_timeline_item timeline_title=&#8221;Bastide de Domme&#8221; display_time=&#8221;on&#8221; timeline_custom_time=&#8221;15 km&#8221; _builder_version=&#8221;4.27.5&#8243; _module_preset=&#8221;default&#8221; global_colors_info=&#8221;{}&#8221;][\/dipl_timeline_item][dipl_timeline_item timeline_title=&#8221;La Roque Gageac&#8221; display_time=&#8221;on&#8221; timeline_custom_time=&#8221;15 km&#8221; _builder_version=&#8221;4.27.5&#8243; _module_preset=&#8221;default&#8221; global_timeline_header_font=&#8221;||||||||&#8221; global_colors_info=&#8221;{}&#8221;][\/dipl_timeline_item][dipl_timeline_item timeline_title=&#8221;Le Ch\u00e2teau de la Malartrie&#8221; display_time=&#8221;on&#8221; timeline_custom_time=&#8221;15,5 km&#8221; _builder_version=&#8221;4.27.5&#8243; _module_preset=&#8221;default&#8221; global_colors_info=&#8221;{}&#8221;][\/dipl_timeline_item][dipl_timeline_item timeline_title=&#8221;Castelnaud La Chapelle&#8221; display_time=&#8221;on&#8221; timeline_custom_time=&#8221;18 km&#8221; _builder_version=&#8221;4.27.5&#8243; _module_preset=&#8221;default&#8221; global_colors_info=&#8221;{}&#8221;][\/dipl_timeline_item][dipl_timeline_item timeline_title=&#8221;Ch\u00e2teau de Fayrac&#8221; display_time=&#8221;on&#8221; timeline_custom_time=&#8221;19,8 km&#8221; _builder_version=&#8221;4.27.5&#8243; _module_preset=&#8221;default&#8221; global_colors_info=&#8221;{}&#8221;][\/dipl_timeline_item][dipl_timeline_item timeline_title=&#8221;Beynac&#8221; display_time=&#8221;on&#8221; timeline_custom_time=&#8221;21 km&#8221; _builder_version=&#8221;4.27.5&#8243; _module_preset=&#8221;default&#8221; global_colors_info=&#8221;{}&#8221;][\/dipl_timeline_item][dipl_timeline_item timeline_title=&#8221;Les Milandes&#8221; display_time=&#8221;on&#8221; timeline_custom_time=&#8221;23 km&#8221; _builder_version=&#8221;4.27.6&#8243; _module_preset=&#8221;default&#8221; global_colors_info=&#8221;{}&#8221;][\/dipl_timeline_item][dipl_timeline_item timeline_title=&#8221;La Cabane &#8211; Arriv\u00e9e&#8221; display_time=&#8221;on&#8221; timeline_custom_time=&#8221;25 km&#8221; use_timeline_icon=&#8221;on&#8221; select_timeline_icon=&#8221;&#xf11e;||fa||900&#8243; _builder_version=&#8221;4.27.5&#8243; _module_preset=&#8221;default&#8221; global_colors_info=&#8221;{}&#8221;][\/dipl_timeline_item][\/dipl_timeline][\/et_pb_column][\/et_pb_row][\/et_pb_section][et_pb_section fb_built=&#8221;1&#8243; admin_label=&#8221;Gallery&#8221; _builder_version=&#8221;4.27.5&#8243; _module_preset=&#8221;default&#8221; locked=&#8221;off&#8221; collapsed=&#8221;on&#8221; global_colors_info=&#8221;{}&#8221;][et_pb_row _builder_version=&#8221;4.17.6&#8243; _module_preset=&#8221;5138c454-be54-4233-bd3b-f8e6a8747976&#8243; locked=&#8221;off&#8221; global_colors_info=&#8221;{}&#8221;][et_pb_column type=&#8221;4_4&#8243; _builder_version=&#8221;4.17.4&#8243; _module_preset=&#8221;73121f80-a3ef-4484-8763-c3f18e3c56d2&#8243; global_colors_info=&#8221;{}&#8221;][et_pb_heading title=&#8221;Image Gallery&#8221; _builder_version=&#8221;4.24.2&#8243; _module_preset=&#8221;f0c675ea-2574-4d0e-b725-30f8550a8550&#8243; title_text_align=&#8221;center&#8221; title_text_color=&#8221;gcid-primary-color&#8221; global_colors_info=&#8221;{%22gcid-primary-color%22:%91%22title_text_color%22%93}&#8221;][\/et_pb_heading][et_pb_heading title=&#8221;Routes and landscapes in pictures&#8221; _builder_version=&#8221;4.27.5&#8243; _module_preset=&#8221;c33f07d9-41e0-421a-8799-5799df695cce&#8221; title_text_align=&#8221;center&#8221; global_colors_info=&#8221;{}&#8221;][\/et_pb_heading][\/et_pb_column][\/et_pb_row][et_pb_row _builder_version=&#8221;4.27.5&#8243; _module_preset=&#8221;default&#8221; max_width=&#8221;1580px&#8221; global_colors_info=&#8221;{}&#8221;][et_pb_column type=&#8221;4_4&#8243; _builder_version=&#8221;4.27.5&#8243; _module_preset=&#8221;default&#8221; global_colors_info=&#8221;{}&#8221;][dipl_masonry_gallery image_ids=&#8221;267,268,269,270,271,277,272,273,274,275&#8243; column_spacing=&#8221;5px&#8221; image_size=&#8221;full&#8221; disable_lazy_loading=&#8221;off&#8221; enable_lightbox=&#8221;on&#8221; column_spacing_tablet=&#8221;5px&#8221; column_spacing_phone=&#8221;2px&#8221; column_spacing_last_edited=&#8221;on|phone&#8221; _builder_version=&#8221;4.27.5&#8243; _module_preset=&#8221;default&#8221; animation_style=&#8221;fade&#8221; animation_duration=&#8221;1500ms&#8221; global_colors_info=&#8221;{}&#8221;][\/dipl_masonry_gallery][\/et_pb_column][\/et_pb_row][\/et_pb_section][et_pb_section fb_built=&#8221;1&#8243; admin_label=&#8221;Call to Action&#8221; _builder_version=&#8221;4.24.3&#8243; _module_preset=&#8221;default&#8221; use_background_color_gradient=&#8221;on&#8221; background_color_gradient_stops=&#8221;rgba(0,0,0,0.75) 0%|rgba(0,0,0,0.75) 100%&#8221; background_color_gradient_overlays_image=&#8221;on&#8221; background_image=&#8221;https:\/\/images.unsplash.com\/photo-1656740977071-096b5555c552?ixid=M3w1ODkyNzF8MHwxfHNlYXJjaHw0fHxzY2VuaWMlMjByaXZlciUyMHZpZXd8ZW58MHwwfHx8MTc2ODU4NzIyMHww&#038;ixlib=rb-4.1.0&#038;fm=webp&#038;fit=crop&#038;crop=entropy&#038;w=1920&#038;h=1080&#038;q=20&#038;dpr=2&#8243; custom_padding=&#8221;5vw||5vw||true|false&#8221; locked=&#8221;off&#8221; collapsed=&#8221;on&#8221; global_colors_info=&#8221;{%22gcid-36fd78a7-34bc-404d-873c-dafa34efaae5%22:%91%22background_color%22%93}&#8221;][et_pb_row _builder_version=&#8221;4.24.3&#8243; _module_preset=&#8221;5138c454-be54-4233-bd3b-f8e6a8747976&#8243; locked=&#8221;off&#8221; global_colors_info=&#8221;{}&#8221;][et_pb_column type=&#8221;4_4&#8243; _builder_version=&#8221;4.18.0&#8243; _module_preset=&#8221;73121f80-a3ef-4484-8763-c3f18e3c56d2&#8243; global_colors_info=&#8221;{}&#8221;][et_pb_cta title=&#8221;Book Your Adventure&#8221; button_url=&#8221;https:\/\/canoedordogne.ats-sarlat.com:8443\/cgi-bin\/ProgATS\/eCommerce?licence=24CANOES_DORD01&#038;lg=EN&#8221; url_new_window=&#8221;on&#8221; button_text=&#8221;Book Now&#8221; _builder_version=&#8221;4.27.6&#8243; _module_preset=&#8221;4c2ad5d0-871e-414e-a4be-aa9134d4ae8e&#8221; custom_padding=&#8221;60px|60px|60px|60px|true|true&#8221; custom_padding_tablet=&#8221;30px|30px|30px|30px|true|true&#8221; custom_padding_phone=&#8221;20px|20px|20px|20px|true|true&#8221; custom_padding_last_edited=&#8221;on|desktop&#8221; locked=&#8221;off&#8221; global_colors_info=&#8221;{%22gcid-f2943306-fa6c-45f0-b632-5fc00151366a%22:%91%22button_text_color%22%93,%22gcid-36fd78a7-34bc-404d-873c-dafa34efaae5%22:%91%22button_text_color%22,%22color%22,%22background_color%22%93,%22gcid-7cadd8b3-5228-48e4-90c4-212d09232f7b%22:%91%22color%22,%22color%22,%22color%22,%22color%22%93,%22gcid-f113ad93-2527-46d7-862b-fc71181c6b5e%22:%91%22border_color_all%22,%22border_color_all%22%93}&#8221; text_font_size_tablet=&#8221;16px&#8221; text_font_size_phone=&#8221;14px&#8221; text_font_size_last_edited=&#8221;on|phone&#8221;]<\/p>\n<p>Dive into the adventure and discover the beauty of the Dordogne with our unique routes. Don\u2019t miss the chance to enjoy an unforgettable experience\u2014book your favourite activity today!<\/p>\n<p>[\/et_pb_cta][\/et_pb_column][\/et_pb_row][\/et_pb_section]<\/p>\n","protected":false},"excerpt":{"rendered":"<p>Discover our unique routes along the Dordogne, where every paddle stroke brings you closer to breathtaking scenery and historic sites.CARSAC &#8211; VITRAC 1h30 &#8211; 9km &#8211; From \u20ac11.50 Paddle from Carsac to the Vitrac base and dive into history as you explore the Cingle de Montfort from your canoe! A lovely discovery for the whole [&hellip;]<\/p>\n","protected":false},"author":1,"featured_media":0,"parent":0,"menu_order":0,"comment_status":"closed","ping_status":"closed","template":"","meta":{"_et_pb_use_builder":"on","_et_pb_old_content":"","_et_gb_content_width":"","footnotes":""},"class_list":["post-927","page","type-page","status-publish","hentry"],"_links":{"self":[{"href":"https:\/\/www.canoe-dordogne.fr\/en\/wp-json\/wp\/v2\/pages\/927","targetHints":{"allow":["GET"]}}],"collection":[{"href":"https:\/\/www.canoe-dordogne.fr\/en\/wp-json\/wp\/v2\/pages"}],"about":[{"href":"https:\/\/www.canoe-dordogne.fr\/en\/wp-json\/wp\/v2\/types\/page"}],"author":[{"embeddable":true,"href":"https:\/\/www.canoe-dordogne.fr\/en\/wp-json\/wp\/v2\/users\/1"}],"replies":[{"embeddable":true,"href":"https:\/\/www.canoe-dordogne.fr\/en\/wp-json\/wp\/v2\/comments?post=927"}],"version-history":[{"count":4,"href":"https:\/\/www.canoe-dordogne.fr\/en\/wp-json\/wp\/v2\/pages\/927\/revisions"}],"predecessor-version":[{"id":1001,"href":"https:\/\/www.canoe-dordogne.fr\/en\/wp-json\/wp\/v2\/pages\/927\/revisions\/1001"}],"wp:attachment":[{"href":"https:\/\/www.canoe-dordogne.fr\/en\/wp-json\/wp\/v2\/media?parent=927"}],"curies":[{"name":"wp","href":"https:\/\/api.w.org\/{rel}","templated":true}]}}